{"id":485,"date":"2025-11-24T18:22:37","date_gmt":"2025-11-24T16:22:37","guid":{"rendered":"http:\/\/www.sastamalankylat.fi\/lahdenpera\/?page_id=485"},"modified":"2026-04-12T16:18:10","modified_gmt":"2026-04-12T13:18:10","slug":"rantatupa","status":"publish","type":"page","link":"https:\/\/www.sastamalankylat.fi\/lahdenpera\/rantatupa\/","title":{"rendered":"Rantatuvan vuokraus"},"content":{"rendered":"<p><b><a href=\"http:\/\/www.sastamalankylat.fi\/lahdenpera\/wp-content\/uploads\/sites\/18\/2026\/04\/aaarantatupa.jpg\"><img loading=\"lazy\" decoding=\"async\" class=\"alignnone wp-image-603\" src=\"http:\/\/www.sastamalankylat.fi\/lahdenpera\/wp-content\/uploads\/sites\/18\/2026\/04\/aaarantatupa-300x97.jpg\" alt=\"\" width=\"1083\" height=\"350\" srcset=\"https:\/\/www.sastamalankylat.fi\/lahdenpera\/wp-content\/uploads\/sites\/18\/2026\/04\/aaarantatupa-300x97.jpg 300w, https:\/\/www.sastamalankylat.fi\/lahdenpera\/wp-content\/uploads\/sites\/18\/2026\/04\/aaarantatupa-1024x330.jpg 1024w, https:\/\/www.sastamalankylat.fi\/lahdenpera\/wp-content\/uploads\/sites\/18\/2026\/04\/aaarantatupa-768x248.jpg 768w, https:\/\/www.sastamalankylat.fi\/lahdenpera\/wp-content\/uploads\/sites\/18\/2026\/04\/aaarantatupa-624x201.jpg 624w, https:\/\/www.sastamalankylat.fi\/lahdenpera\/wp-content\/uploads\/sites\/18\/2026\/04\/aaarantatupa.jpg 1441w\" sizes=\"auto, (max-width: 1083px) 100vw, 1083px\" \/><\/a><br \/>\n<\/b><\/p>\n<p>Lahdenper\u00e4n Kyl\u00e4yhdistyksen yll\u00e4pit\u00e4m\u00e4 Rantatupa Makkossel\u00e4n rannalla on oiva paikka viett\u00e4\u00e4 perhejuhlaa, polttareita tai muita t\u00e4rkeit\u00e4 tapahtumia oman sosiaalisen verkoston kanssa.<\/p>\n<p>Tila on kalustettu viihtyis\u00e4ksi ja sielt\u00e4 l\u00f6ytyy perustasoinen tarjoiluastiasto ja kodinomaiset puitteet ruokien tarjolle panoon ja l\u00e4mmitt\u00e4miseen. Tilaan mahtuu hyvin 30 henke\u00e4 ja kes\u00e4aikaan enemm\u00e4nkin, kun terassikin on k\u00e4ytett\u00e4viss\u00e4. Tilaa ei ole tarkoitettu majoitusk\u00e4ytt\u00f6\u00f6n, ja siksi sellaisesta onkin aina erikseen sovittava.<\/p>\n<p>Alta n\u00e4et vuokraushinnastot.<\/p>\n<p><b>KYL\u00c4YHDISTYKSEN J\u00c4SEN:<br \/>\n<\/b>huhti\u2013syyskuu 10 \u20ac\/h ja 80 \u20ac\/vrk<br \/>\nloka\u2013maaliskuu 20 \u20ac\/h ja 150 \u20ac\/vrk<\/p>\n<p><b>MUUT VUOKRAAJAT:<br \/>\n<\/b>huhti\u2013syyskuu 15 \u20ac\/h ja 120 \u20ac\/vrk<br \/>\nloka\u2013maaliskuu 30 \u20ac\/h ja 180 \u20ac\/vrk<\/p>\n<p><i>Kyl\u00e4yhdistykselt\u00e4 on vuokrattavissa my\u00f6s <\/i><b><i>suurtalouskahvinkeitin<\/i><\/b><i> ja <\/i><b><i>bingov\u00e4lineist\u00f6.<\/i><\/b><\/p>\n<p data-start=\"91\" data-end=\"233\">Alta n\u00e4et Rantatuvan varaustilanteen. Kalenteriin on merkitty sek\u00e4 pidemm\u00e4t varaukset ett\u00e4 lyhyemm\u00e4t, esimerkiksi muutaman tunnin tilaisuudet. Julkisten kaikille avoimien tilaisuuksien kohdalla n\u00e4kyy my\u00f6s tilaisuuden nimi. Mobiilissa kalenteri n\u00e4ytt\u00e4\u00e4 usein vain kellonajan \u2013 napauttamalla merkint\u00e4\u00e4 saat n\u00e4kyviin tarkemmat tiedot tapahtumasta. <em>Yksityistilaisuuksien osalta tulee n\u00e4kyviin vain varauksen kesto, ei varaajan nime\u00e4 eik\u00e4 tilaisuuden luonnetta.<\/em><\/p>\n<p data-start=\"91\" data-end=\"233\">Kun l\u00f6yd\u00e4t sinulle sopivan ajankohdan, ota rohkeasti yhteytt\u00e4 ja ja kysy lis\u00e4tietoja. Tavoitat vuokrauksesta vastaavan henkil\u00f6n sek\u00e4 puhelimitse numerosta 050 5433 161 tai s\u00e4hk\u00f6postitse <a href=\"mailto:lahdenperankyla@gmail.com?subject=Rantatuvan%20vuokraaminen\">t\u00e4st\u00e4<\/a>. Vahvistamme varauksen aina erikseen.<\/p>\n<iframe loading=\"lazy\" src=\"https:\/\/calendar.google.com\/calendar\/embed?src=2c19054cafd776df528d181c8fcee71db470cde36e6b36418739660249ca24c4%40group.calendar.google.com&#038;ctz=Europe%2FHelsinki&#038;wkst=2\" frameborder=\"0\" width=\"625\" height=\"600\" marginheight=\"0\" marginwidth=\"0\" allowfullscreen=\"true\" mozallowfullscreen=\"true\" webkitallowfullscreen=\"true\"><\/iframe>\n<!-- AddThis Advanced Settings generic via filter on the_content --><!-- AddThis Share Buttons generic via filter on the_content -->","protected":false},"excerpt":{"rendered":"<p>Lahdenper\u00e4n Kyl\u00e4yhdistyksen yll\u00e4pit\u00e4m\u00e4 Rantatupa Makkossel\u00e4n rannalla on oiva paikka viett\u00e4\u00e4 perhejuhlaa, polttareita tai muita t\u00e4rkeit\u00e4 tapahtumia oman sosiaalisen verkoston kanssa. Tila on kalustettu viihtyis\u00e4ksi ja sielt\u00e4 l\u00f6ytyy perustasoinen tarjoiluastiasto ja kodinomaiset puitteet ruokien tarjolle panoon ja l\u00e4mmitt\u00e4miseen. Tilaan mahtuu hyvin 30 henke\u00e4 ja kes\u00e4aikaan enemm\u00e4nkin, kun terassikin on k\u00e4ytett\u00e4viss\u00e4. Tilaa ei ole tarkoitettu majoitusk\u00e4ytt\u00f6\u00f6n, ja [&hellip;]<!-- AddThis Advanced Settings generic via filter on wp_trim_excerpt --><!-- AddThis Share Buttons generic via filter on wp_trim_excerpt --><\/p>\n","protected":false},"author":50,"featured_media":0,"parent":0,"menu_order":0,"comment_status":"closed","ping_status":"closed","template":"page-templates\/full-width.php","meta":{"jetpack_post_was_ever_published":false,"footnotes":""},"class_list":["post-485","page","type-page","status-publish","hentry"],"aioseo_notices":[],"jetpack_shortlink":"https:\/\/wp.me\/P9LdTQ-7P","jetpack_sharing_enabled":true,"_links":{"self":[{"href":"https:\/\/www.sastamalankylat.fi\/lahdenpera\/wp-json\/wp\/v2\/pages\/485","targetHints":{"allow":["GET"]}}],"collection":[{"href":"https:\/\/www.sastamalankylat.fi\/lahdenpera\/wp-json\/wp\/v2\/pages"}],"about":[{"href":"https:\/\/www.sastamalankylat.fi\/lahdenpera\/wp-json\/wp\/v2\/types\/page"}],"author":[{"embeddable":true,"href":"https:\/\/www.sastamalankylat.fi\/lahdenpera\/wp-json\/wp\/v2\/users\/50"}],"replies":[{"embeddable":true,"href":"https:\/\/www.sastamalankylat.fi\/lahdenpera\/wp-json\/wp\/v2\/comments?post=485"}],"version-history":[{"count":14,"href":"https:\/\/www.sastamalankylat.fi\/lahdenpera\/wp-json\/wp\/v2\/pages\/485\/revisions"}],"predecessor-version":[{"id":623,"href":"https:\/\/www.sastamalankylat.fi\/lahdenpera\/wp-json\/wp\/v2\/pages\/485\/revisions\/623"}],"wp:attachment":[{"href":"https:\/\/www.sastamalankylat.fi\/lahdenpera\/wp-json\/wp\/v2\/media?parent=485"}],"curies":[{"name":"wp","href":"https:\/\/api.w.org\/{rel}","templated":true}]}}