{"id":14,"date":"2014-09-28T23:57:56","date_gmt":"2014-09-28T20:57:56","guid":{"rendered":"http:\/\/www.sastamalankylat.fi\/jaara\/?page_id=14"},"modified":"2014-10-21T22:51:04","modified_gmt":"2014-10-21T19:51:04","slug":"kylaseura","status":"publish","type":"page","link":"https:\/\/www.sastamalankylat.fi\/jaara\/kylaseura\/","title":{"rendered":"Kyl\u00e4seura"},"content":{"rendered":"<p><a href=\"http:\/\/www.sastamalankylat.fi\/jaara\/wp-content\/uploads\/sites\/21\/2014\/09\/Jaaran-kyl\u00e4seurantalo.jpg\"><img loading=\"lazy\" decoding=\"async\" class=\"alignnone size-medium wp-image-43\" src=\"http:\/\/www.sastamalankylat.fi\/jaara\/wp-content\/uploads\/sites\/21\/2014\/09\/Jaaran-kyl\u00e4seurantalo-300x225.jpg\" alt=\"Jaaran kyl\u00e4seurantalo\" width=\"300\" height=\"225\" srcset=\"https:\/\/www.sastamalankylat.fi\/jaara\/wp-content\/uploads\/sites\/21\/2014\/09\/Jaaran-kyl\u00e4seurantalo-300x225.jpg 300w, https:\/\/www.sastamalankylat.fi\/jaara\/wp-content\/uploads\/sites\/21\/2014\/09\/Jaaran-kyl\u00e4seurantalo.jpg 600w\" sizes=\"auto, (max-width: 300px) 100vw, 300px\" \/><\/a><\/p>\n<p>Jaaran kyl\u00e4seura on perustettu vuonna 1982 ja siit\u00e4 l\u00e4htien se on toiminut aktiivisesti. Toimintamme tarkoitus on kehitt\u00e4\u00e4 kyl\u00e4\u00e4 viihtyis\u00e4ksi paikaksi asua kaiken ik\u00e4isille.<\/p>\n<p><a href=\"http:\/\/www.sastamalankylat.fi\/jaara\/wp-content\/uploads\/sites\/21\/2014\/09\/ty\u00f6v\u00e4entalo-kilpi_fb.jpg\"><img loading=\"lazy\" decoding=\"async\" class=\"alignnone size-medium wp-image-49\" src=\"http:\/\/www.sastamalankylat.fi\/jaara\/wp-content\/uploads\/sites\/21\/2014\/09\/ty\u00f6v\u00e4entalo-kilpi_fb-300x219.jpg\" alt=\"ty\u00f6v\u00e4entalo-kilpi_fb\" width=\"300\" height=\"219\" srcset=\"https:\/\/www.sastamalankylat.fi\/jaara\/wp-content\/uploads\/sites\/21\/2014\/09\/ty\u00f6v\u00e4entalo-kilpi_fb-300x219.jpg 300w, https:\/\/www.sastamalankylat.fi\/jaara\/wp-content\/uploads\/sites\/21\/2014\/09\/ty\u00f6v\u00e4entalo-kilpi_fb.jpg 600w\" sizes=\"auto, (max-width: 300px) 100vw, 300px\" \/><\/a><\/p>\n<p>Jaaran kyl\u00e4talo\u00a0\u00a0on rakennettu alunperin ty\u00f6v\u00e4entaloksi vuonna 1905. Talo\u00a0ostettiin kunnalta vuonna 1987 ja kunnostettiin talkoilla kyl\u00e4l\u00e4isten k\u00e4ytt\u00f6\u00f6n. Taloa my\u00f6s vuokrataan tapahtumien ja juhlien pitopaikaksi.<\/p>\n<p>Tilojen vuokraus <a href=\"http:\/\/www.sastamalankylat.fi\/jaara\/kylaseura\/tilojen-vuokraus\/\" target=\"_blank\">linkki<\/a><\/p>\n<p>&nbsp;<\/p>\n<!-- AddThis Advanced Settings generic via filter on the_content --><!-- AddThis Share Buttons generic via filter on the_content -->","protected":false},"excerpt":{"rendered":"<p>Jaaran kyl\u00e4seura on perustettu vuonna 1982 ja siit\u00e4 l\u00e4htien se on toiminut aktiivisesti. Toimintamme tarkoitus on kehitt\u00e4\u00e4 kyl\u00e4\u00e4 viihtyis\u00e4ksi paikaksi asua kaiken ik\u00e4isille. Jaaran kyl\u00e4talo\u00a0\u00a0on rakennettu alunperin ty\u00f6v\u00e4entaloksi vuonna 1905. Talo\u00a0ostettiin kunnalta vuonna 1987 ja kunnostettiin talkoilla kyl\u00e4l\u00e4isten k\u00e4ytt\u00f6\u00f6n. Taloa my\u00f6s vuokrataan tapahtumien ja juhlien pitopaikaksi. Tilojen vuokraus linkki &nbsp;<!-- AddThis Advanced Settings generic via filter on wp_trim_excerpt --><!-- AddThis Share Buttons generic via filter on wp_trim_excerpt --><\/p>\n","protected":false},"author":3,"featured_media":0,"parent":0,"menu_order":0,"comment_status":"open","ping_status":"open","template":"","meta":{"jetpack_post_was_ever_published":false,"footnotes":""},"class_list":["post-14","page","type-page","status-publish","hentry"],"aioseo_notices":[],"jetpack_shortlink":"https:\/\/wp.me\/P5eJDy-e","jetpack_sharing_enabled":true,"_links":{"self":[{"href":"https:\/\/www.sastamalankylat.fi\/jaara\/wp-json\/wp\/v2\/pages\/14","targetHints":{"allow":["GET"]}}],"collection":[{"href":"https:\/\/www.sastamalankylat.fi\/jaara\/wp-json\/wp\/v2\/pages"}],"about":[{"href":"https:\/\/www.sastamalankylat.fi\/jaara\/wp-json\/wp\/v2\/types\/page"}],"author":[{"embeddable":true,"href":"https:\/\/www.sastamalankylat.fi\/jaara\/wp-json\/wp\/v2\/users\/3"}],"replies":[{"embeddable":true,"href":"https:\/\/www.sastamalankylat.fi\/jaara\/wp-json\/wp\/v2\/comments?post=14"}],"version-history":[{"count":2,"href":"https:\/\/www.sastamalankylat.fi\/jaara\/wp-json\/wp\/v2\/pages\/14\/revisions"}],"predecessor-version":[{"id":70,"href":"https:\/\/www.sastamalankylat.fi\/jaara\/wp-json\/wp\/v2\/pages\/14\/revisions\/70"}],"wp:attachment":[{"href":"https:\/\/www.sastamalankylat.fi\/jaara\/wp-json\/wp\/v2\/media?parent=14"}],"curies":[{"name":"wp","href":"https:\/\/api.w.org\/{rel}","templated":true}]}}