{"id":116,"date":"2014-10-25T20:07:34","date_gmt":"2014-10-25T17:07:34","guid":{"rendered":"http:\/\/www.sastamalankylat.fi\/jaara\/?page_id=116"},"modified":"2016-12-31T17:25:27","modified_gmt":"2016-12-31T15:25:27","slug":"jaaran-maisemissa","status":"publish","type":"page","link":"https:\/\/www.sastamalankylat.fi\/jaara\/kuvat\/jaaran-maisemissa\/","title":{"rendered":"Jaaran maisemissa"},"content":{"rendered":"<p>&nbsp;<\/p>\n\n\t\t<style type=\"text\/css\">\n\t\t\t#gallery-1 {\n\t\t\t\tmargin: auto;\n\t\t\t}\n\t\t\t#gallery-1 .gallery-item {\n\t\t\t\tfloat: left;\n\t\t\t\tmargin-top: 10px;\n\t\t\t\ttext-align: center;\n\t\t\t\twidth: 33%;\n\t\t\t}\n\t\t\t#gallery-1 img {\n\t\t\t\tborder: 2px solid #cfcfcf;\n\t\t\t}\n\t\t\t#gallery-1 .gallery-caption {\n\t\t\t\tmargin-left: 0;\n\t\t\t}\n\t\t\t\/* see gallery_shortcode() in wp-includes\/media.php *\/\n\t\t<\/style>\n\t\t<div id='gallery-1' class='gallery galleryid-116 gallery-columns-3 gallery-size-thumbnail'><dl class='gallery-item'>\n\t\t\t<dt class='gallery-icon landscape'>\n\t\t\t\t<a href='https:\/\/www.sastamalankylat.fi\/jaara\/kuvat\/jaaran-maisemissa\/jaaranjoki-250215-2\/'><img loading=\"lazy\" decoding=\"async\" width=\"150\" height=\"150\" src=\"https:\/\/www.sastamalankylat.fi\/jaara\/wp-content\/uploads\/sites\/21\/2014\/10\/Jaaranjoki-250215-2-150x150.jpg\" class=\"attachment-thumbnail size-thumbnail\" alt=\"\" aria-describedby=\"gallery-1-190\" \/><\/a>\n\t\t\t<\/dt>\n\t\t\t\t<dd class='wp-caption-text gallery-caption' id='gallery-1-190'>\n\t\t\t\tN\u00e4kym\u00e4 uudelta jokisillalta padolle p\u00e4in\n\t\t\t\t<\/dd><\/dl><dl class='gallery-item'>\n\t\t\t<dt class='gallery-icon landscape'>\n\t\t\t\t<a href='https:\/\/www.sastamalankylat.fi\/jaara\/kuvat\/jaaran-maisemissa\/joutsen-jaaranjoella-250215\/'><img loading=\"lazy\" decoding=\"async\" width=\"150\" height=\"150\" src=\"https:\/\/www.sastamalankylat.fi\/jaara\/wp-content\/uploads\/sites\/21\/2014\/10\/Joutsen-Jaaranjoella-250215-150x150.jpg\" class=\"attachment-thumbnail size-thumbnail\" alt=\"\" aria-describedby=\"gallery-1-189\" \/><\/a>\n\t\t\t<\/dt>\n\t\t\t\t<dd class='wp-caption-text gallery-caption' id='gallery-1-189'>\n\t\t\t\tJoutsen Jaaranjoella 25.2.2015\n\t\t\t\t<\/dd><\/dl><dl class='gallery-item'>\n\t\t\t<dt class='gallery-icon landscape'>\n\t\t\t\t<a href='https:\/\/www.sastamalankylat.fi\/jaara\/kuvat\/jaaran-maisemissa\/joutsenpari\/'><img loading=\"lazy\" decoding=\"async\" width=\"150\" height=\"150\" src=\"https:\/\/www.sastamalankylat.fi\/jaara\/wp-content\/uploads\/sites\/21\/2014\/10\/joutsenpari-150x150.jpg\" class=\"attachment-thumbnail size-thumbnail\" alt=\"\" aria-describedby=\"gallery-1-328\" \/><\/a>\n\t\t\t<\/dt>\n\t\t\t\t<dd class='wp-caption-text gallery-caption' id='gallery-1-328'>\n\t\t\t\tMaaliskuu tuo joutsenet joelle\n\t\t\t\t<\/dd><\/dl><br style=\"clear: both\" \/><dl class='gallery-item'>\n\t\t\t<dt class='gallery-icon landscape'>\n\t\t\t\t<a href='https:\/\/www.sastamalankylat.fi\/jaara\/kuvat\/jaaran-maisemissa\/telkan-juoksu\/'><img loading=\"lazy\" decoding=\"async\" width=\"150\" height=\"150\" src=\"https:\/\/www.sastamalankylat.fi\/jaara\/wp-content\/uploads\/sites\/21\/2014\/10\/telk\u00e4n-juoksu-150x150.jpg\" class=\"attachment-thumbnail size-thumbnail\" alt=\"\" aria-describedby=\"gallery-1-456\" \/><\/a>\n\t\t\t<\/dt>\n\t\t\t\t<dd class='wp-caption-text gallery-caption' id='gallery-1-456'>\n\t\t\t\tTelk\u00e4ll\u00e4 kev\u00e4tt\u00e4 rinnassa\n\t\t\t\t<\/dd><\/dl><dl class='gallery-item'>\n\t\t\t<dt class='gallery-icon landscape'>\n\t\t\t\t<a href='https:\/\/www.sastamalankylat.fi\/jaara\/kuvat\/jaaran-maisemissa\/joki-240314\/'><img loading=\"lazy\" decoding=\"async\" width=\"150\" height=\"150\" src=\"https:\/\/www.sastamalankylat.fi\/jaara\/wp-content\/uploads\/sites\/21\/2014\/10\/joki-240314-150x150.jpg\" class=\"attachment-thumbnail size-thumbnail\" alt=\"\" aria-describedby=\"gallery-1-451\" \/><\/a>\n\t\t\t<\/dt>\n\t\t\t\t<dd class='wp-caption-text gallery-caption' id='gallery-1-451'>\n\t\t\t\tKaunis Jaaranjokemme\n\t\t\t\t<\/dd><\/dl><dl class='gallery-item'>\n\t\t\t<dt class='gallery-icon landscape'>\n\t\t\t\t<a href='https:\/\/www.sastamalankylat.fi\/jaara\/kuvat\/jaaran-maisemissa\/puna-ailakit\/'><img loading=\"lazy\" decoding=\"async\" width=\"150\" height=\"150\" src=\"https:\/\/www.sastamalankylat.fi\/jaara\/wp-content\/uploads\/sites\/21\/2014\/10\/puna-ailakit-150x150.jpg\" class=\"attachment-thumbnail size-thumbnail\" alt=\"\" aria-describedby=\"gallery-1-455\" \/><\/a>\n\t\t\t<\/dt>\n\t\t\t\t<dd class='wp-caption-text gallery-caption' id='gallery-1-455'>\n\t\t\t\tMets\u00e4st\u00e4 voi l\u00f6yt\u00e4\u00e4 puna-ailakin\n\t\t\t\t<\/dd><\/dl><br style=\"clear: both\" \/><dl class='gallery-item'>\n\t\t\t<dt class='gallery-icon landscape'>\n\t\t\t\t<a href='https:\/\/www.sastamalankylat.fi\/jaara\/kuvat\/jaaran-maisemissa\/koivut-041014\/'><img loading=\"lazy\" decoding=\"async\" width=\"150\" height=\"150\" src=\"https:\/\/www.sastamalankylat.fi\/jaara\/wp-content\/uploads\/sites\/21\/2014\/10\/koivut-041014-150x150.jpg\" class=\"attachment-thumbnail size-thumbnail\" alt=\"\" aria-describedby=\"gallery-1-452\" srcset=\"https:\/\/www.sastamalankylat.fi\/jaara\/wp-content\/uploads\/sites\/21\/2014\/10\/koivut-041014-150x150.jpg 150w, https:\/\/www.sastamalankylat.fi\/jaara\/wp-content\/uploads\/sites\/21\/2014\/10\/koivut-041014-300x300.jpg 300w, https:\/\/www.sastamalankylat.fi\/jaara\/wp-content\/uploads\/sites\/21\/2014\/10\/koivut-041014.jpg 600w\" sizes=\"auto, (max-width: 150px) 100vw, 150px\" \/><\/a>\n\t\t\t<\/dt>\n\t\t\t\t<dd class='wp-caption-text gallery-caption' id='gallery-1-452'>\n\t\t\t\tLuonto on vahvuutemme\n\t\t\t\t<\/dd><\/dl><dl class='gallery-item'>\n\t\t\t<dt class='gallery-icon landscape'>\n\t\t\t\t<a href='https:\/\/www.sastamalankylat.fi\/jaara\/kuvat\/jaaran-maisemissa\/metsakauriit\/'><img loading=\"lazy\" decoding=\"async\" width=\"150\" height=\"150\" src=\"https:\/\/www.sastamalankylat.fi\/jaara\/wp-content\/uploads\/sites\/21\/2014\/10\/mets\u00e4kauriit-150x150.jpg\" class=\"attachment-thumbnail size-thumbnail\" alt=\"\" aria-describedby=\"gallery-1-390\" \/><\/a>\n\t\t\t<\/dt>\n\t\t\t\t<dd class='wp-caption-text gallery-caption' id='gallery-1-390'>\n\t\t\t\tJaarassa elelee my\u00f6s mets\u00e4kauriita\n\t\t\t\t<\/dd><\/dl><dl class='gallery-item'>\n\t\t\t<dt class='gallery-icon landscape'>\n\t\t\t\t<a href='https:\/\/www.sastamalankylat.fi\/jaara\/kuvat\/jaaran-maisemissa\/jaaranjoki\/'><img loading=\"lazy\" decoding=\"async\" width=\"150\" height=\"150\" src=\"https:\/\/www.sastamalankylat.fi\/jaara\/wp-content\/uploads\/sites\/21\/2014\/10\/Jaaranjoki-150x150.jpg\" class=\"attachment-thumbnail size-thumbnail\" alt=\"\" \/><\/a>\n\t\t\t<\/dt><\/dl><br style=\"clear: both\" \/><dl class='gallery-item'>\n\t\t\t<dt class='gallery-icon landscape'>\n\t\t\t\t<a href='https:\/\/www.sastamalankylat.fi\/jaara\/kuvat\/jaaran-maisemissa\/sireeni-2\/'><img loading=\"lazy\" decoding=\"async\" width=\"150\" height=\"150\" src=\"https:\/\/www.sastamalankylat.fi\/jaara\/wp-content\/uploads\/sites\/21\/2014\/10\/sireeni-150x150.jpg\" class=\"attachment-thumbnail size-thumbnail\" alt=\"\" aria-describedby=\"gallery-1-450\" \/><\/a>\n\t\t\t<\/dt>\n\t\t\t\t<dd class='wp-caption-text gallery-caption' id='gallery-1-450'>\n\t\t\t\tJaara on sireenikyl\u00e4\n\t\t\t\t<\/dd><\/dl><dl class='gallery-item'>\n\t\t\t<dt class='gallery-icon portrait'>\n\t\t\t\t<a href='https:\/\/www.sastamalankylat.fi\/jaara\/kuvat\/jaaran-maisemissa\/mokkitie-011014\/'><img loading=\"lazy\" decoding=\"async\" width=\"150\" height=\"150\" src=\"https:\/\/www.sastamalankylat.fi\/jaara\/wp-content\/uploads\/sites\/21\/2014\/10\/m\u00f6kkitie-011014-150x150.jpg\" class=\"attachment-thumbnail size-thumbnail\" alt=\"\" aria-describedby=\"gallery-1-453\" \/><\/a>\n\t\t\t<\/dt>\n\t\t\t\t<dd class='wp-caption-text gallery-caption' id='gallery-1-453'>\n\t\t\t\tRauhalliset lenkkipolut\n\t\t\t\t<\/dd><\/dl><dl class='gallery-item'>\n\t\t\t<dt class='gallery-icon portrait'>\n\t\t\t\t<a href='https:\/\/www.sastamalankylat.fi\/jaara\/kuvat\/jaaran-maisemissa\/181015-1\/'><img loading=\"lazy\" decoding=\"async\" width=\"150\" height=\"150\" src=\"https:\/\/www.sastamalankylat.fi\/jaara\/wp-content\/uploads\/sites\/21\/2014\/10\/181015-1-150x150.jpg\" class=\"attachment-thumbnail size-thumbnail\" alt=\"\" aria-describedby=\"gallery-1-458\" \/><\/a>\n\t\t\t<\/dt>\n\t\t\t\t<dd class='wp-caption-text gallery-caption' id='gallery-1-458'>\n\t\t\t\tRuskaa voi ihailla omassa kyl\u00e4ss\u00e4\n\t\t\t\t<\/dd><\/dl><br style=\"clear: both\" \/><dl class='gallery-item'>\n\t\t\t<dt class='gallery-icon landscape'>\n\t\t\t\t<a href='https:\/\/www.sastamalankylat.fi\/jaara\/kuvat\/jaaran-maisemissa\/jaaranjoki-091015-1\/'><img loading=\"lazy\" decoding=\"async\" width=\"150\" height=\"150\" src=\"https:\/\/www.sastamalankylat.fi\/jaara\/wp-content\/uploads\/sites\/21\/2014\/10\/Jaaranjoki-091015-1-150x150.jpg\" class=\"attachment-thumbnail size-thumbnail\" alt=\"\" aria-describedby=\"gallery-1-315\" \/><\/a>\n\t\t\t<\/dt>\n\t\t\t\t<dd class='wp-caption-text gallery-caption' id='gallery-1-315'>\n\t\t\t\tSyysv\u00e4rit uudelta jokisillalta n\u00e4htyn\u00e4\n\t\t\t\t<\/dd><\/dl><dl class='gallery-item'>\n\t\t\t<dt class='gallery-icon landscape'>\n\t\t\t\t<a href='https:\/\/www.sastamalankylat.fi\/jaara\/kuvat\/jaaran-maisemissa\/revontulet-081015-1\/'><img loading=\"lazy\" decoding=\"async\" width=\"150\" height=\"150\" src=\"https:\/\/www.sastamalankylat.fi\/jaara\/wp-content\/uploads\/sites\/21\/2014\/10\/Revontulet-081015-1-150x150.jpg\" class=\"attachment-thumbnail size-thumbnail\" alt=\"\" aria-describedby=\"gallery-1-435\" \/><\/a>\n\t\t\t<\/dt>\n\t\t\t\t<dd class='wp-caption-text gallery-caption' id='gallery-1-435'>\n\t\t\t\tRevontulet leiskuivat 8.10.2015\n\t\t\t\t<\/dd><\/dl><dl class='gallery-item'>\n\t\t\t<dt class='gallery-icon portrait'>\n\t\t\t\t<a href='https:\/\/www.sastamalankylat.fi\/jaara\/kuvat\/jaaran-maisemissa\/joulukuinen-ranta\/'><img loading=\"lazy\" decoding=\"async\" width=\"150\" height=\"150\" src=\"https:\/\/www.sastamalankylat.fi\/jaara\/wp-content\/uploads\/sites\/21\/2014\/10\/joulukuinen-ranta-150x150.jpg\" class=\"attachment-thumbnail size-thumbnail\" alt=\"\" aria-describedby=\"gallery-1-454\" \/><\/a>\n\t\t\t<\/dt>\n\t\t\t\t<dd class='wp-caption-text gallery-caption' id='gallery-1-454'>\n\t\t\t\tVuoden kierto joella lopuillaan\n\t\t\t\t<\/dd><\/dl><br style=\"clear: both\" \/><dl class='gallery-item'>\n\t\t\t<dt class='gallery-icon landscape'>\n\t\t\t\t<a href='https:\/\/www.sastamalankylat.fi\/jaara\/kuvat\/jaaran-maisemissa\/rosvopaisti-ilta-260816-1-3-2\/'><img loading=\"lazy\" decoding=\"async\" width=\"150\" height=\"150\" src=\"https:\/\/www.sastamalankylat.fi\/jaara\/wp-content\/uploads\/sites\/21\/2014\/10\/Rosvopaisti-ilta-260816-1-3-1-150x150.jpg\" class=\"attachment-thumbnail size-thumbnail\" alt=\"\" aria-describedby=\"gallery-1-586\" \/><\/a>\n\t\t\t<\/dt>\n\t\t\t\t<dd class='wp-caption-text gallery-caption' id='gallery-1-586'>\n\t\t\t\tSannan m\u00f6kill\u00e4\n\t\t\t\t<\/dd><\/dl><dl class='gallery-item'>\n\t\t\t<dt class='gallery-icon landscape'>\n\t\t\t\t<a href='https:\/\/www.sastamalankylat.fi\/jaara\/kuvat\/jaaran-maisemissa\/rosvopaisti-ilta-260816-1-19\/'><img loading=\"lazy\" decoding=\"async\" width=\"150\" height=\"150\" src=\"https:\/\/www.sastamalankylat.fi\/jaara\/wp-content\/uploads\/sites\/21\/2014\/10\/Rosvopaisti-ilta-260816-1-19-150x150.jpg\" class=\"attachment-thumbnail size-thumbnail\" alt=\"\" aria-describedby=\"gallery-1-587\" \/><\/a>\n\t\t\t<\/dt>\n\t\t\t\t<dd class='wp-caption-text gallery-caption' id='gallery-1-587'>\n\t\t\t\tJaaranjoki\n\t\t\t\t<\/dd><\/dl><dl class='gallery-item'>\n\t\t\t<dt class='gallery-icon landscape'>\n\t\t\t\t<a href='https:\/\/www.sastamalankylat.fi\/jaara\/kuvat\/jaaran-maisemissa\/rosvopaisti-ilta-260816-1-9\/'><img loading=\"lazy\" decoding=\"async\" width=\"150\" height=\"150\" src=\"https:\/\/www.sastamalankylat.fi\/jaara\/wp-content\/uploads\/sites\/21\/2014\/10\/Rosvopaisti-ilta-260816-1-9-150x150.jpg\" class=\"attachment-thumbnail size-thumbnail\" alt=\"\" aria-describedby=\"gallery-1-588\" \/><\/a>\n\t\t\t<\/dt>\n\t\t\t\t<dd class='wp-caption-text gallery-caption' id='gallery-1-588'>\n\t\t\t\tJaaranjoen kuohua\n\t\t\t\t<\/dd><\/dl><br style=\"clear: both\" \/><dl class='gallery-item'>\n\t\t\t<dt class='gallery-icon landscape'>\n\t\t\t\t<a href='https:\/\/www.sastamalankylat.fi\/jaara\/kuvat\/jaaran-maisemissa\/rosvopaisti-ilta-260816-1-15\/'><img loading=\"lazy\" decoding=\"async\" width=\"150\" height=\"150\" src=\"https:\/\/www.sastamalankylat.fi\/jaara\/wp-content\/uploads\/sites\/21\/2014\/10\/Rosvopaisti-ilta-260816-1-15-150x150.jpg\" class=\"attachment-thumbnail size-thumbnail\" alt=\"\" aria-describedby=\"gallery-1-590\" \/><\/a>\n\t\t\t<\/dt>\n\t\t\t\t<dd class='wp-caption-text gallery-caption' id='gallery-1-590'>\n\t\t\t\tRosvopaistia on nautittu\n\t\t\t\t<\/dd><\/dl><dl class='gallery-item'>\n\t\t\t<dt class='gallery-icon landscape'>\n\t\t\t\t<a href='https:\/\/www.sastamalankylat.fi\/jaara\/kuvat\/jaaran-maisemissa\/rosvopaisti-ilta-260816-1-17\/'><img loading=\"lazy\" decoding=\"async\" width=\"150\" height=\"150\" src=\"https:\/\/www.sastamalankylat.fi\/jaara\/wp-content\/uploads\/sites\/21\/2014\/10\/Rosvopaisti-ilta-260816-1-17-150x150.jpg\" class=\"attachment-thumbnail size-thumbnail\" alt=\"\" aria-describedby=\"gallery-1-591\" \/><\/a>\n\t\t\t<\/dt>\n\t\t\t\t<dd class='wp-caption-text gallery-caption' id='gallery-1-591'>\n\t\t\t\tRosvopaisti-ilta 2016\n\t\t\t\t<\/dd><\/dl><dl class='gallery-item'>\n\t\t\t<dt class='gallery-icon landscape'>\n\t\t\t\t<a href='https:\/\/www.sastamalankylat.fi\/jaara\/kuvat\/jaaran-maisemissa\/rosvopaisti-ilta-260816-1-8\/'><img loading=\"lazy\" decoding=\"async\" width=\"150\" height=\"150\" src=\"https:\/\/www.sastamalankylat.fi\/jaara\/wp-content\/uploads\/sites\/21\/2014\/10\/Rosvopaisti-ilta-260816-1-8-150x150.jpg\" class=\"attachment-thumbnail size-thumbnail\" alt=\"\" aria-describedby=\"gallery-1-592\" \/><\/a>\n\t\t\t<\/dt>\n\t\t\t\t<dd class='wp-caption-text gallery-caption' id='gallery-1-592'>\n\t\t\t\tIllanviettoon on saavuttu\n\t\t\t\t<\/dd><\/dl><br style=\"clear: both\" \/><dl class='gallery-item'>\n\t\t\t<dt class='gallery-icon landscape'>\n\t\t\t\t<a href='https:\/\/www.sastamalankylat.fi\/jaara\/kuvat\/jaaran-maisemissa\/rosvopaisti-ilta-260816-1-4\/'><img loading=\"lazy\" decoding=\"async\" width=\"150\" height=\"150\" src=\"https:\/\/www.sastamalankylat.fi\/jaara\/wp-content\/uploads\/sites\/21\/2014\/10\/Rosvopaisti-ilta-260816-1-4-150x150.jpg\" class=\"attachment-thumbnail size-thumbnail\" alt=\"\" aria-describedby=\"gallery-1-593\" \/><\/a>\n\t\t\t<\/dt>\n\t\t\t\t<dd class='wp-caption-text gallery-caption' id='gallery-1-593'>\n\t\t\t\tLujaa tekoa\n\t\t\t\t<\/dd><\/dl><dl class='gallery-item'>\n\t\t\t<dt class='gallery-icon landscape'>\n\t\t\t\t<a href='https:\/\/www.sastamalankylat.fi\/jaara\/kuvat\/jaaran-maisemissa\/loimulohi-3\/'><img loading=\"lazy\" decoding=\"async\" width=\"150\" height=\"150\" src=\"https:\/\/www.sastamalankylat.fi\/jaara\/wp-content\/uploads\/sites\/21\/2014\/10\/Loimulohi-1-150x150.jpg\" class=\"attachment-thumbnail size-thumbnail\" alt=\"\" aria-describedby=\"gallery-1-594\" \/><\/a>\n\t\t\t<\/dt>\n\t\t\t\t<dd class='wp-caption-text gallery-caption' id='gallery-1-594'>\n\t\t\t\tLohen loimutusta\n\t\t\t\t<\/dd><\/dl><dl class='gallery-item'>\n\t\t\t<dt class='gallery-icon landscape'>\n\t\t\t\t<a href='https:\/\/www.sastamalankylat.fi\/jaara\/kuvat\/jaaran-maisemissa\/majava-120915-2\/'><img loading=\"lazy\" decoding=\"async\" width=\"150\" height=\"150\" src=\"https:\/\/www.sastamalankylat.fi\/jaara\/wp-content\/uploads\/sites\/21\/2014\/10\/majava-120915-1-150x150.jpg\" class=\"attachment-thumbnail size-thumbnail\" alt=\"\" aria-describedby=\"gallery-1-595\" \/><\/a>\n\t\t\t<\/dt>\n\t\t\t\t<dd class='wp-caption-text gallery-caption' id='gallery-1-595'>\n\t\t\t\tJaaranjoella voit tavata majavan\n\t\t\t\t<\/dd><\/dl><br style=\"clear: both\" \/><dl class='gallery-item'>\n\t\t\t<dt class='gallery-icon landscape'>\n\t\t\t\t<a href='https:\/\/www.sastamalankylat.fi\/jaara\/kuvat\/jaaran-maisemissa\/300916-metsakauris-1-2\/'><img loading=\"lazy\" decoding=\"async\" width=\"150\" height=\"150\" src=\"https:\/\/www.sastamalankylat.fi\/jaara\/wp-content\/uploads\/sites\/21\/2014\/10\/300916-mets\u00e4kauris-1-2-150x150.jpg\" class=\"attachment-thumbnail size-thumbnail\" alt=\"\" aria-describedby=\"gallery-1-596\" \/><\/a>\n\t\t\t<\/dt>\n\t\t\t\t<dd class='wp-caption-text gallery-caption' id='gallery-1-596'>\n\t\t\t\tMets\u00e4kauriita liikkuu Jaarassa\n\t\t\t\t<\/dd><\/dl><dl class='gallery-item'>\n\t\t\t<dt class='gallery-icon landscape'>\n\t\t\t\t<a href='https:\/\/www.sastamalankylat.fi\/jaara\/kuvat\/jaaran-maisemissa\/aamulla-metsassa-1\/'><img loading=\"lazy\" decoding=\"async\" width=\"150\" height=\"150\" src=\"https:\/\/www.sastamalankylat.fi\/jaara\/wp-content\/uploads\/sites\/21\/2014\/10\/aamulla-mets\u00e4ss\u00e4-1-150x150.jpg\" class=\"attachment-thumbnail size-thumbnail\" alt=\"\" aria-describedby=\"gallery-1-597\" srcset=\"https:\/\/www.sastamalankylat.fi\/jaara\/wp-content\/uploads\/sites\/21\/2014\/10\/aamulla-mets\u00e4ss\u00e4-1-150x150.jpg 150w, https:\/\/www.sastamalankylat.fi\/jaara\/wp-content\/uploads\/sites\/21\/2014\/10\/aamulla-mets\u00e4ss\u00e4-1-300x300.jpg 300w, https:\/\/www.sastamalankylat.fi\/jaara\/wp-content\/uploads\/sites\/21\/2014\/10\/aamulla-mets\u00e4ss\u00e4-1-768x768.jpg 768w, https:\/\/www.sastamalankylat.fi\/jaara\/wp-content\/uploads\/sites\/21\/2014\/10\/aamulla-mets\u00e4ss\u00e4-1-624x624.jpg 624w, https:\/\/www.sastamalankylat.fi\/jaara\/wp-content\/uploads\/sites\/21\/2014\/10\/aamulla-mets\u00e4ss\u00e4-1.jpg 800w\" sizes=\"auto, (max-width: 150px) 100vw, 150px\" \/><\/a>\n\t\t\t<\/dt>\n\t\t\t\t<dd class='wp-caption-text gallery-caption' id='gallery-1-597'>\n\t\t\t\tMaisema puhuu\n\t\t\t\t<\/dd><\/dl><dl class='gallery-item'>\n\t\t\t<dt class='gallery-icon landscape'>\n\t\t\t\t<a href='https:\/\/www.sastamalankylat.fi\/jaara\/kuvat\/jaaran-maisemissa\/rosvopaisti-ilta-260816-1-2\/'><img loading=\"lazy\" decoding=\"async\" width=\"150\" height=\"150\" src=\"https:\/\/www.sastamalankylat.fi\/jaara\/wp-content\/uploads\/sites\/21\/2014\/10\/Rosvopaisti-ilta-260816-1-2-150x150.jpg\" class=\"attachment-thumbnail size-thumbnail\" alt=\"\" aria-describedby=\"gallery-1-589\" \/><\/a>\n\t\t\t<\/dt>\n\t\t\t\t<dd class='wp-caption-text gallery-caption' id='gallery-1-589'>\n\t\t\t\tVanhan ajan tunnelmaa\n\t\t\t\t<\/dd><\/dl><br style=\"clear: both\" \/><dl class='gallery-item'>\n\t\t\t<dt class='gallery-icon landscape'>\n\t\t\t\t<a href='https:\/\/www.sastamalankylat.fi\/jaara\/kuvat\/jaaran-maisemissa\/jaaran-kylatalo-1-2\/'><img loading=\"lazy\" decoding=\"async\" width=\"150\" height=\"150\" src=\"https:\/\/www.sastamalankylat.fi\/jaara\/wp-content\/uploads\/sites\/21\/2014\/10\/Jaaran-kyl\u00e4talo-1-2-150x150.jpg\" class=\"attachment-thumbnail size-thumbnail\" alt=\"\" aria-describedby=\"gallery-1-600\" \/><\/a>\n\t\t\t<\/dt>\n\t\t\t\t<dd class='wp-caption-text gallery-caption' id='gallery-1-600'>\n\t\t\t\tJaaran kyl\u00e4talo\n\t\t\t\t<\/dd><\/dl><dl class='gallery-item'>\n\t\t\t<dt class='gallery-icon portrait'>\n\t\t\t\t<a href='https:\/\/www.sastamalankylat.fi\/jaara\/kuvat\/jaaran-maisemissa\/helmikuista-valoa_mr\/'><img loading=\"lazy\" decoding=\"async\" width=\"150\" height=\"150\" src=\"https:\/\/www.sastamalankylat.fi\/jaara\/wp-content\/uploads\/sites\/21\/2014\/10\/Helmikuista-valoa_MR-150x150.jpg\" class=\"attachment-thumbnail size-thumbnail\" alt=\"\" aria-describedby=\"gallery-1-608\" \/><\/a>\n\t\t\t<\/dt>\n\t\t\t\t<dd class='wp-caption-text gallery-caption' id='gallery-1-608'>\n\t\t\t\tHelmikuista valoa\n\t\t\t\t<\/dd><\/dl><dl class='gallery-item'>\n\t\t\t<dt class='gallery-icon landscape'>\n\t\t\t\t<a href='https:\/\/www.sastamalankylat.fi\/jaara\/kuvat\/jaaran-maisemissa\/talvitunnelmaa_mr\/'><img loading=\"lazy\" decoding=\"async\" width=\"150\" height=\"150\" src=\"https:\/\/www.sastamalankylat.fi\/jaara\/wp-content\/uploads\/sites\/21\/2014\/10\/Talvitunnelmaa_MR-150x150.jpg\" class=\"attachment-thumbnail size-thumbnail\" alt=\"\" aria-describedby=\"gallery-1-630\" srcset=\"https:\/\/www.sastamalankylat.fi\/jaara\/wp-content\/uploads\/sites\/21\/2014\/10\/Talvitunnelmaa_MR-150x150.jpg 150w, https:\/\/www.sastamalankylat.fi\/jaara\/wp-content\/uploads\/sites\/21\/2014\/10\/Talvitunnelmaa_MR-300x300.jpg 300w, https:\/\/www.sastamalankylat.fi\/jaara\/wp-content\/uploads\/sites\/21\/2014\/10\/Talvitunnelmaa_MR.jpg 612w\" sizes=\"auto, (max-width: 150px) 100vw, 150px\" \/><\/a>\n\t\t\t<\/dt>\n\t\t\t\t<dd class='wp-caption-text gallery-caption' id='gallery-1-630'>\n\t\t\t\tTalvitunnelmaa\n\t\t\t\t<\/dd><\/dl><br style=\"clear: both\" \/><dl class='gallery-item'>\n\t\t\t<dt class='gallery-icon portrait'>\n\t\t\t\t<a href='https:\/\/www.sastamalankylat.fi\/jaara\/kuvat\/jaaran-maisemissa\/talvinen-kylatie_mr\/'><img loading=\"lazy\" decoding=\"async\" width=\"150\" height=\"150\" src=\"https:\/\/www.sastamalankylat.fi\/jaara\/wp-content\/uploads\/sites\/21\/2014\/10\/Talvinen-kyl\u00e4tie_MR-150x150.jpg\" class=\"attachment-thumbnail size-thumbnail\" alt=\"Talvinen kyl\u00e4tie\" aria-describedby=\"gallery-1-629\" \/><\/a>\n\t\t\t<\/dt>\n\t\t\t\t<dd class='wp-caption-text gallery-caption' id='gallery-1-629'>\n\t\t\t\tTalvinen kyl\u00e4tie\n\t\t\t\t<\/dd><\/dl><dl class='gallery-item'>\n\t\t\t<dt class='gallery-icon portrait'>\n\t\t\t\t<a href='https:\/\/www.sastamalankylat.fi\/jaara\/kuvat\/jaaran-maisemissa\/joen-luonto_mr\/'><img loading=\"lazy\" decoding=\"async\" width=\"150\" height=\"150\" src=\"https:\/\/www.sastamalankylat.fi\/jaara\/wp-content\/uploads\/sites\/21\/2014\/10\/Joen-luonto_MR-150x150.jpg\" class=\"attachment-thumbnail size-thumbnail\" alt=\"\" aria-describedby=\"gallery-1-610\" \/><\/a>\n\t\t\t<\/dt>\n\t\t\t\t<dd class='wp-caption-text gallery-caption' id='gallery-1-610'>\n\t\t\t\tKev\u00e4t tekee tuloaan\n\t\t\t\t<\/dd><\/dl><dl class='gallery-item'>\n\t\t\t<dt class='gallery-icon portrait'>\n\t\t\t\t<a href='https:\/\/www.sastamalankylat.fi\/jaara\/kuvat\/jaaran-maisemissa\/kevat-tekee-tuloaan_mr\/'><img loading=\"lazy\" decoding=\"async\" width=\"150\" height=\"150\" src=\"https:\/\/www.sastamalankylat.fi\/jaara\/wp-content\/uploads\/sites\/21\/2014\/10\/Kev\u00e4t-tekee-tuloaan_MR-150x150.jpg\" class=\"attachment-thumbnail size-thumbnail\" alt=\"\" aria-describedby=\"gallery-1-615\" \/><\/a>\n\t\t\t<\/dt>\n\t\t\t\t<dd class='wp-caption-text gallery-caption' id='gallery-1-615'>\n\t\t\t\tKev\u00e4\u00e4n kuohuja\n\t\t\t\t<\/dd><\/dl><br style=\"clear: both\" \/><dl class='gallery-item'>\n\t\t\t<dt class='gallery-icon portrait'>\n\t\t\t\t<a href='https:\/\/www.sastamalankylat.fi\/jaara\/kuvat\/jaaran-maisemissa\/viela-virtaa_mr\/'><img loading=\"lazy\" decoding=\"async\" width=\"150\" height=\"150\" src=\"https:\/\/www.sastamalankylat.fi\/jaara\/wp-content\/uploads\/sites\/21\/2014\/10\/Viel\u00e4-virtaa_MR-150x150.jpg\" class=\"attachment-thumbnail size-thumbnail\" alt=\"\" aria-describedby=\"gallery-1-631\" \/><\/a>\n\t\t\t<\/dt>\n\t\t\t\t<dd class='wp-caption-text gallery-caption' id='gallery-1-631'>\n\t\t\t\tViel\u00e4 virtaa\n\t\t\t\t<\/dd><\/dl><dl class='gallery-item'>\n\t\t\t<dt class='gallery-icon portrait'>\n\t\t\t\t<a href='https:\/\/www.sastamalankylat.fi\/jaara\/kuvat\/jaaran-maisemissa\/sillan-pielessa_mr\/'><img loading=\"lazy\" decoding=\"async\" width=\"150\" height=\"150\" src=\"https:\/\/www.sastamalankylat.fi\/jaara\/wp-content\/uploads\/sites\/21\/2014\/10\/Sillan-pieless\u00e4_MR-150x150.jpg\" class=\"attachment-thumbnail size-thumbnail\" alt=\"\" aria-describedby=\"gallery-1-625\" \/><\/a>\n\t\t\t<\/dt>\n\t\t\t\t<dd class='wp-caption-text gallery-caption' id='gallery-1-625'>\n\t\t\t\tSillan pieless\u00e4\n\t\t\t\t<\/dd><\/dl><dl class='gallery-item'>\n\t\t\t<dt class='gallery-icon portrait'>\n\t\t\t\t<a href='https:\/\/www.sastamalankylat.fi\/jaara\/kuvat\/jaaran-maisemissa\/maaliskuu_mr\/'><img loading=\"lazy\" decoding=\"async\" width=\"150\" height=\"150\" src=\"https:\/\/www.sastamalankylat.fi\/jaara\/wp-content\/uploads\/sites\/21\/2014\/10\/Maaliskuu_MR-150x150.jpg\" class=\"attachment-thumbnail size-thumbnail\" alt=\"\" aria-describedby=\"gallery-1-619\" \/><\/a>\n\t\t\t<\/dt>\n\t\t\t\t<dd class='wp-caption-text gallery-caption' id='gallery-1-619'>\n\t\t\t\tMaaliskuu\n\t\t\t\t<\/dd><\/dl><br style=\"clear: both\" \/><dl class='gallery-item'>\n\t\t\t<dt class='gallery-icon portrait'>\n\t\t\t\t<a href='https:\/\/www.sastamalankylat.fi\/jaara\/kuvat\/jaaran-maisemissa\/sillalla_mr\/'><img loading=\"lazy\" decoding=\"async\" width=\"150\" height=\"150\" src=\"https:\/\/www.sastamalankylat.fi\/jaara\/wp-content\/uploads\/sites\/21\/2014\/10\/Sillalla_MR-150x150.jpg\" class=\"attachment-thumbnail size-thumbnail\" alt=\"\" aria-describedby=\"gallery-1-624\" \/><\/a>\n\t\t\t<\/dt>\n\t\t\t\t<dd class='wp-caption-text gallery-caption' id='gallery-1-624'>\n\t\t\t\tSillalla\n\t\t\t\t<\/dd><\/dl><dl class='gallery-item'>\n\t\t\t<dt class='gallery-icon portrait'>\n\t\t\t\t<a href='https:\/\/www.sastamalankylat.fi\/jaara\/kuvat\/jaaran-maisemissa\/nyt-on-kevat_mr\/'><img loading=\"lazy\" decoding=\"async\" width=\"150\" height=\"150\" src=\"https:\/\/www.sastamalankylat.fi\/jaara\/wp-content\/uploads\/sites\/21\/2014\/10\/Nyt-on-kev\u00e4t_MR-150x150.jpg\" class=\"attachment-thumbnail size-thumbnail\" alt=\"\" aria-describedby=\"gallery-1-620\" \/><\/a>\n\t\t\t<\/dt>\n\t\t\t\t<dd class='wp-caption-text gallery-caption' id='gallery-1-620'>\n\t\t\t\tNyt on kev\u00e4t\n\t\t\t\t<\/dd><\/dl><dl class='gallery-item'>\n\t\t\t<dt class='gallery-icon portrait'>\n\t\t\t\t<a href='https:\/\/www.sastamalankylat.fi\/jaara\/kuvat\/jaaran-maisemissa\/kevaan-loistoa_mr\/'><img loading=\"lazy\" decoding=\"async\" width=\"150\" height=\"150\" src=\"https:\/\/www.sastamalankylat.fi\/jaara\/wp-content\/uploads\/sites\/21\/2014\/10\/Kev\u00e4\u00e4n-loistoa_MR-150x150.jpg\" class=\"attachment-thumbnail size-thumbnail\" alt=\"\" aria-describedby=\"gallery-1-617\" \/><\/a>\n\t\t\t<\/dt>\n\t\t\t\t<dd class='wp-caption-text gallery-caption' id='gallery-1-617'>\n\t\t\t\tKev\u00e4\u00e4n loistoa\n\t\t\t\t<\/dd><\/dl><br style=\"clear: both\" \/><dl class='gallery-item'>\n\t\t\t<dt class='gallery-icon portrait'>\n\t\t\t\t<a href='https:\/\/www.sastamalankylat.fi\/jaara\/kuvat\/jaaran-maisemissa\/rentukoiden-aikaan_mr\/'><img loading=\"lazy\" decoding=\"async\" width=\"150\" height=\"150\" src=\"https:\/\/www.sastamalankylat.fi\/jaara\/wp-content\/uploads\/sites\/21\/2014\/10\/Rentukoiden-aikaan_MR-150x150.jpg\" class=\"attachment-thumbnail size-thumbnail\" alt=\"\" aria-describedby=\"gallery-1-623\" \/><\/a>\n\t\t\t<\/dt>\n\t\t\t\t<dd class='wp-caption-text gallery-caption' id='gallery-1-623'>\n\t\t\t\tRentukoiden aikaan\n\t\t\t\t<\/dd><\/dl><dl class='gallery-item'>\n\t\t\t<dt class='gallery-icon portrait'>\n\t\t\t\t<a href='https:\/\/www.sastamalankylat.fi\/jaara\/kuvat\/jaaran-maisemissa\/kevat_mr\/'><img loading=\"lazy\" decoding=\"async\" width=\"150\" height=\"150\" src=\"https:\/\/www.sastamalankylat.fi\/jaara\/wp-content\/uploads\/sites\/21\/2014\/10\/Kev\u00e4t_MR-150x150.jpg\" class=\"attachment-thumbnail size-thumbnail\" alt=\"\" aria-describedby=\"gallery-1-616\" \/><\/a>\n\t\t\t<\/dt>\n\t\t\t\t<dd class='wp-caption-text gallery-caption' id='gallery-1-616'>\n\t\t\t\tKev\u00e4t on vihre\u00e4\n\t\t\t\t<\/dd><\/dl><dl class='gallery-item'>\n\t\t\t<dt class='gallery-icon portrait'>\n\t\t\t\t<a href='https:\/\/www.sastamalankylat.fi\/jaara\/kuvat\/jaaran-maisemissa\/joella_mr\/'><img loading=\"lazy\" decoding=\"async\" width=\"150\" height=\"150\" src=\"https:\/\/www.sastamalankylat.fi\/jaara\/wp-content\/uploads\/sites\/21\/2014\/10\/Joella_MR-150x150.jpg\" class=\"attachment-thumbnail size-thumbnail\" alt=\"\" aria-describedby=\"gallery-1-609\" \/><\/a>\n\t\t\t<\/dt>\n\t\t\t\t<dd class='wp-caption-text gallery-caption' id='gallery-1-609'>\n\t\t\t\tJoella\n\t\t\t\t<\/dd><\/dl><br style=\"clear: both\" \/><dl class='gallery-item'>\n\t\t\t<dt class='gallery-icon portrait'>\n\t\t\t\t<a href='https:\/\/www.sastamalankylat.fi\/jaara\/kuvat\/jaaran-maisemissa\/puhdas-luonto_mr\/'><img loading=\"lazy\" decoding=\"async\" width=\"150\" height=\"150\" src=\"https:\/\/www.sastamalankylat.fi\/jaara\/wp-content\/uploads\/sites\/21\/2014\/10\/Puhdas-luonto_MR-150x150.jpg\" class=\"attachment-thumbnail size-thumbnail\" alt=\"\" aria-describedby=\"gallery-1-622\" \/><\/a>\n\t\t\t<\/dt>\n\t\t\t\t<dd class='wp-caption-text gallery-caption' id='gallery-1-622'>\n\t\t\t\tPuhdas luonto\n\t\t\t\t<\/dd><\/dl><dl class='gallery-item'>\n\t\t\t<dt class='gallery-icon portrait'>\n\t\t\t\t<a href='https:\/\/www.sastamalankylat.fi\/jaara\/kuvat\/jaaran-maisemissa\/kesakuun-heleytta_mr\/'><img loading=\"lazy\" decoding=\"async\" width=\"150\" height=\"150\" src=\"https:\/\/www.sastamalankylat.fi\/jaara\/wp-content\/uploads\/sites\/21\/2014\/10\/Kes\u00e4kuun-heleytt\u00e4_MR-150x150.jpg\" class=\"attachment-thumbnail size-thumbnail\" alt=\"\" aria-describedby=\"gallery-1-612\" \/><\/a>\n\t\t\t<\/dt>\n\t\t\t\t<dd class='wp-caption-text gallery-caption' id='gallery-1-612'>\n\t\t\t\tKes\u00e4kuun heleytt\u00e4\n\t\t\t\t<\/dd><\/dl><dl class='gallery-item'>\n\t\t\t<dt class='gallery-icon portrait'>\n\t\t\t\t<a href='https:\/\/www.sastamalankylat.fi\/jaara\/kuvat\/jaaran-maisemissa\/sireenikyla_mr\/'><img loading=\"lazy\" decoding=\"async\" width=\"150\" height=\"150\" src=\"https:\/\/www.sastamalankylat.fi\/jaara\/wp-content\/uploads\/sites\/21\/2014\/10\/Sireenikyl\u00e4_MR-150x150.jpg\" class=\"attachment-thumbnail size-thumbnail\" alt=\"\" aria-describedby=\"gallery-1-626\" \/><\/a>\n\t\t\t<\/dt>\n\t\t\t\t<dd class='wp-caption-text gallery-caption' id='gallery-1-626'>\n\t\t\t\tSireenikyl\u00e4\n\t\t\t\t<\/dd><\/dl><br style=\"clear: both\" \/><dl class='gallery-item'>\n\t\t\t<dt class='gallery-icon portrait'>\n\t\t\t\t<a href='https:\/\/www.sastamalankylat.fi\/jaara\/kuvat\/jaaran-maisemissa\/kesan-varit_mr\/'><img loading=\"lazy\" decoding=\"async\" width=\"150\" height=\"150\" src=\"https:\/\/www.sastamalankylat.fi\/jaara\/wp-content\/uploads\/sites\/21\/2014\/10\/Kes\u00e4n-v\u00e4rit_MR-150x150.jpg\" class=\"attachment-thumbnail size-thumbnail\" alt=\"\" aria-describedby=\"gallery-1-614\" \/><\/a>\n\t\t\t<\/dt>\n\t\t\t\t<dd class='wp-caption-text gallery-caption' id='gallery-1-614'>\n\t\t\t\tKes\u00e4n v\u00e4rit\n\t\t\t\t<\/dd><\/dl><dl class='gallery-item'>\n\t\t\t<dt class='gallery-icon portrait'>\n\t\t\t\t<a href='https:\/\/www.sastamalankylat.fi\/jaara\/kuvat\/jaaran-maisemissa\/kesakuussa-joella_mr\/'><img loading=\"lazy\" decoding=\"async\" width=\"150\" height=\"150\" src=\"https:\/\/www.sastamalankylat.fi\/jaara\/wp-content\/uploads\/sites\/21\/2014\/10\/Kes\u00e4kuussa-joella_MR-150x150.jpg\" class=\"attachment-thumbnail size-thumbnail\" alt=\"\" aria-describedby=\"gallery-1-613\" \/><\/a>\n\t\t\t<\/dt>\n\t\t\t\t<dd class='wp-caption-text gallery-caption' id='gallery-1-613'>\n\t\t\t\tKes\u00e4kuussa joella\n\t\t\t\t<\/dd><\/dl><dl class='gallery-item'>\n\t\t\t<dt class='gallery-icon portrait'>\n\t\t\t\t<a href='https:\/\/www.sastamalankylat.fi\/jaara\/kuvat\/jaaran-maisemissa\/pionit-kukkii_mr\/'><img loading=\"lazy\" decoding=\"async\" width=\"150\" height=\"150\" src=\"https:\/\/www.sastamalankylat.fi\/jaara\/wp-content\/uploads\/sites\/21\/2014\/10\/Pionit-kukkii_MR-150x150.jpg\" class=\"attachment-thumbnail size-thumbnail\" alt=\"\" aria-describedby=\"gallery-1-621\" \/><\/a>\n\t\t\t<\/dt>\n\t\t\t\t<dd class='wp-caption-text gallery-caption' id='gallery-1-621'>\n\t\t\t\tPionit kukkii\n\t\t\t\t<\/dd><\/dl><br style=\"clear: both\" \/><dl class='gallery-item'>\n\t\t\t<dt class='gallery-icon portrait'>\n\t\t\t\t<a href='https:\/\/www.sastamalankylat.fi\/jaara\/kuvat\/jaaran-maisemissa\/jotain-vanhaa-jotain-uutta_mr\/'><img loading=\"lazy\" decoding=\"async\" width=\"150\" height=\"150\" src=\"https:\/\/www.sastamalankylat.fi\/jaara\/wp-content\/uploads\/sites\/21\/2014\/10\/Jotain-vanhaa-jotain-uutta_MR-150x150.jpg\" class=\"attachment-thumbnail size-thumbnail\" alt=\"\" aria-describedby=\"gallery-1-611\" \/><\/a>\n\t\t\t<\/dt>\n\t\t\t\t<dd class='wp-caption-text gallery-caption' id='gallery-1-611'>\n\t\t\t\tJotain vanhaa, jotain uutta\n\t\t\t\t<\/dd><\/dl><dl class='gallery-item'>\n\t\t\t<dt class='gallery-icon landscape'>\n\t\t\t\t<a href='https:\/\/www.sastamalankylat.fi\/jaara\/kuvat\/jaaran-maisemissa\/kiikoisten-vpk-on-osa-jaaran-historiaa_mr\/'><img loading=\"lazy\" decoding=\"async\" width=\"150\" height=\"150\" src=\"https:\/\/www.sastamalankylat.fi\/jaara\/wp-content\/uploads\/sites\/21\/2014\/10\/Kiikoisten-VPK-on-osa-Jaaran-historiaa_MR-150x150.jpg\" class=\"attachment-thumbnail size-thumbnail\" alt=\"\" aria-describedby=\"gallery-1-618\" \/><\/a>\n\t\t\t<\/dt>\n\t\t\t\t<dd class='wp-caption-text gallery-caption' id='gallery-1-618'>\n\t\t\t\tOsa Jaaran historiaa\n\t\t\t\t<\/dd><\/dl><dl class='gallery-item'>\n\t\t\t<dt class='gallery-icon portrait'>\n\t\t\t\t<a href='https:\/\/www.sastamalankylat.fi\/jaara\/kuvat\/jaaran-maisemissa\/syysunelma_mr\/'><img loading=\"lazy\" decoding=\"async\" width=\"150\" height=\"150\" src=\"https:\/\/www.sastamalankylat.fi\/jaara\/wp-content\/uploads\/sites\/21\/2014\/10\/Syysunelma_MR-150x150.jpg\" class=\"attachment-thumbnail size-thumbnail\" alt=\"\" aria-describedby=\"gallery-1-628\" \/><\/a>\n\t\t\t<\/dt>\n\t\t\t\t<dd class='wp-caption-text gallery-caption' id='gallery-1-628'>\n\t\t\t\tSyysunelma\n\t\t\t\t<\/dd><\/dl><br style=\"clear: both\" \/><dl class='gallery-item'>\n\t\t\t<dt class='gallery-icon landscape'>\n\t\t\t\t<a href='https:\/\/www.sastamalankylat.fi\/jaara\/kuvat\/jaaran-maisemissa\/syksyn-hehkua_mr\/'><img loading=\"lazy\" decoding=\"async\" width=\"150\" height=\"150\" src=\"https:\/\/www.sastamalankylat.fi\/jaara\/wp-content\/uploads\/sites\/21\/2014\/10\/Syksyn-hehkua_MR-150x150.jpg\" class=\"attachment-thumbnail size-thumbnail\" alt=\"\" aria-describedby=\"gallery-1-627\" srcset=\"https:\/\/www.sastamalankylat.fi\/jaara\/wp-content\/uploads\/sites\/21\/2014\/10\/Syksyn-hehkua_MR-150x150.jpg 150w, https:\/\/www.sastamalankylat.fi\/jaara\/wp-content\/uploads\/sites\/21\/2014\/10\/Syksyn-hehkua_MR-300x300.jpg 300w, https:\/\/www.sastamalankylat.fi\/jaara\/wp-content\/uploads\/sites\/21\/2014\/10\/Syksyn-hehkua_MR.jpg 612w\" sizes=\"auto, (max-width: 150px) 100vw, 150px\" \/><\/a>\n\t\t\t<\/dt>\n\t\t\t\t<dd class='wp-caption-text gallery-caption' id='gallery-1-627'>\n\t\t\t\tSyksyn hehkua raitilla\n\t\t\t\t<\/dd><\/dl>\n\t\t\t<br style='clear: both' \/>\n\t\t<\/div>\n\n<!-- AddThis Advanced Settings generic via filter on the_content --><!-- AddThis Share Buttons generic via filter on the_content -->","protected":false},"excerpt":{"rendered":"<p>&nbsp;<!-- AddThis Advanced Settings generic via filter on wp_trim_excerpt --><!-- AddThis Share Buttons generic via filter on wp_trim_excerpt --><\/p>\n","protected":false},"author":26,"featured_media":0,"parent":109,"menu_order":2,"comment_status":"closed","ping_status":"closed","template":"page-templates\/full-width.php","meta":{"jetpack_post_was_ever_published":false,"footnotes":""},"class_list":["post-116","page","type-page","status-publish","hentry"],"aioseo_notices":[],"jetpack_shortlink":"https:\/\/wp.me\/P5eJDy-1S","jetpack_sharing_enabled":true,"_links":{"self":[{"href":"https:\/\/www.sastamalankylat.fi\/jaara\/wp-json\/wp\/v2\/pages\/116","targetHints":{"allow":["GET"]}}],"collection":[{"href":"https:\/\/www.sastamalankylat.fi\/jaara\/wp-json\/wp\/v2\/pages"}],"about":[{"href":"https:\/\/www.sastamalankylat.fi\/jaara\/wp-json\/wp\/v2\/types\/page"}],"author":[{"embeddable":true,"href":"https:\/\/www.sastamalankylat.fi\/jaara\/wp-json\/wp\/v2\/users\/26"}],"replies":[{"embeddable":true,"href":"https:\/\/www.sastamalankylat.fi\/jaara\/wp-json\/wp\/v2\/comments?post=116"}],"version-history":[{"count":7,"href":"https:\/\/www.sastamalankylat.fi\/jaara\/wp-json\/wp\/v2\/pages\/116\/revisions"}],"predecessor-version":[{"id":632,"href":"https:\/\/www.sastamalankylat.fi\/jaara\/wp-json\/wp\/v2\/pages\/116\/revisions\/632"}],"up":[{"embeddable":true,"href":"https:\/\/www.sastamalankylat.fi\/jaara\/wp-json\/wp\/v2\/pages\/109"}],"wp:attachment":[{"href":"https:\/\/www.sastamalankylat.fi\/jaara\/wp-json\/wp\/v2\/media?parent=116"}],"curies":[{"name":"wp","href":"https:\/\/api.w.org\/{rel}","templated":true}]}}