{"id":113,"date":"2014-10-25T19:57:02","date_gmt":"2014-10-25T16:57:02","guid":{"rendered":"http:\/\/www.sastamalankylat.fi\/jaara\/?page_id=113"},"modified":"2017-02-17T13:33:36","modified_gmt":"2017-02-17T11:33:36","slug":"vanhaa-jaaraa","status":"publish","type":"page","link":"https:\/\/www.sastamalankylat.fi\/jaara\/kuvat\/vanhaa-jaaraa\/","title":{"rendered":"Vanhaa Jaaraa"},"content":{"rendered":"<p><strong>Voit tutustua vanhoihin kuviin \u00a0my\u00f6s &#8221;El\u00e4m\u00e4\u00e4 Jaaran raitilla&#8221; -hankkeen kotisivuilta t\u00e4st\u00e4 <a href=\"http:\/\/www.jaaranraitti.net\/\" target=\"_blank\">linkist\u00e4<\/a>.<\/strong><\/p>\n\n\t\t<style type=\"text\/css\">\n\t\t\t#gallery-1 {\n\t\t\t\tmargin: auto;\n\t\t\t}\n\t\t\t#gallery-1 .gallery-item {\n\t\t\t\tfloat: left;\n\t\t\t\tmargin-top: 10px;\n\t\t\t\ttext-align: center;\n\t\t\t\twidth: 25%;\n\t\t\t}\n\t\t\t#gallery-1 img {\n\t\t\t\tborder: 2px solid #cfcfcf;\n\t\t\t}\n\t\t\t#gallery-1 .gallery-caption {\n\t\t\t\tmargin-left: 0;\n\t\t\t}\n\t\t\t\/* see gallery_shortcode() in wp-includes\/media.php *\/\n\t\t<\/style>\n\t\t<div id='gallery-1' class='gallery galleryid-113 gallery-columns-4 gallery-size-thumbnail'><dl class='gallery-item'>\n\t\t\t<dt class='gallery-icon landscape'>\n\t\t\t\t<a href='https:\/\/www.sastamalankylat.fi\/jaara\/kuvat\/vanhaa-jaaraa\/kiikoinen_jaara_vanha-ilmakuva\/'><img loading=\"lazy\" decoding=\"async\" width=\"150\" height=\"150\" src=\"https:\/\/www.sastamalankylat.fi\/jaara\/wp-content\/uploads\/sites\/21\/2014\/10\/Kiikoinen_Jaara_vanha-ilmakuva-150x150.jpg\" class=\"attachment-thumbnail size-thumbnail\" alt=\"\" aria-describedby=\"gallery-1-114\" \/><\/a>\n\t\t\t<\/dt>\n\t\t\t\t<dd class='wp-caption-text gallery-caption' id='gallery-1-114'>\n\t\t\t\tJaaran raitti lintuperspektiiviss\u00e4\n\t\t\t\t<\/dd><\/dl><dl class='gallery-item'>\n\t\t\t<dt class='gallery-icon landscape'>\n\t\t\t\t<a href='https:\/\/www.sastamalankylat.fi\/jaara\/kuvat\/vanhaa-jaaraa\/jaaran-kansakoulu\/'><img loading=\"lazy\" decoding=\"async\" width=\"150\" height=\"150\" src=\"https:\/\/www.sastamalankylat.fi\/jaara\/wp-content\/uploads\/sites\/21\/2014\/10\/Jaaran-kansakoulu-150x150.jpg\" class=\"attachment-thumbnail size-thumbnail\" alt=\"\" aria-describedby=\"gallery-1-200\" \/><\/a>\n\t\t\t<\/dt>\n\t\t\t\t<dd class='wp-caption-text gallery-caption' id='gallery-1-200'>\n\t\t\t\tJaaran kansakoulu\n\t\t\t\t<\/dd><\/dl><dl class='gallery-item'>\n\t\t\t<dt class='gallery-icon landscape'>\n\t\t\t\t<a href='https:\/\/www.sastamalankylat.fi\/jaara\/kuvat\/vanhaa-jaaraa\/jaaran-koulu\/'><img loading=\"lazy\" decoding=\"async\" width=\"150\" height=\"150\" src=\"https:\/\/www.sastamalankylat.fi\/jaara\/wp-content\/uploads\/sites\/21\/2014\/10\/Jaaran-koulu-150x150.jpg\" class=\"attachment-thumbnail size-thumbnail\" alt=\"\" aria-describedby=\"gallery-1-202\" \/><\/a>\n\t\t\t<\/dt>\n\t\t\t\t<dd class='wp-caption-text gallery-caption' id='gallery-1-202'>\n\t\t\t\tKoulun pihaa\n\t\t\t\t<\/dd><\/dl><dl class='gallery-item'>\n\t\t\t<dt class='gallery-icon landscape'>\n\t\t\t\t<a href='https:\/\/www.sastamalankylat.fi\/jaara\/kuvat\/vanhaa-jaaraa\/1944-45\/'><img loading=\"lazy\" decoding=\"async\" width=\"150\" height=\"150\" src=\"https:\/\/www.sastamalankylat.fi\/jaara\/wp-content\/uploads\/sites\/21\/2014\/10\/1944-45-150x150.jpg\" class=\"attachment-thumbnail size-thumbnail\" alt=\"\" aria-describedby=\"gallery-1-204\" \/><\/a>\n\t\t\t<\/dt>\n\t\t\t\t<dd class='wp-caption-text gallery-caption' id='gallery-1-204'>\n\t\t\t\tJaaran koululaisia 1940-luvulla\n\t\t\t\t<\/dd><\/dl><br style=\"clear: both\" \/><dl class='gallery-item'>\n\t\t\t<dt class='gallery-icon landscape'>\n\t\t\t\t<a href='https:\/\/www.sastamalankylat.fi\/jaara\/kuvat\/vanhaa-jaaraa\/jaaran-tytot-porissa\/'><img loading=\"lazy\" decoding=\"async\" width=\"150\" height=\"150\" src=\"https:\/\/www.sastamalankylat.fi\/jaara\/wp-content\/uploads\/sites\/21\/2014\/10\/Jaaran-tyt\u00f6t-Porissa-150x150.jpg\" class=\"attachment-thumbnail size-thumbnail\" alt=\"\" aria-describedby=\"gallery-1-474\" \/><\/a>\n\t\t\t<\/dt>\n\t\t\t\t<dd class='wp-caption-text gallery-caption' id='gallery-1-474'>\n\t\t\t\tJaaran koulutyt\u00f6t ja Anna Varesvuo Porissa\n\t\t\t\t<\/dd><\/dl><dl class='gallery-item'>\n\t\t\t<dt class='gallery-icon landscape'>\n\t\t\t\t<a href='https:\/\/www.sastamalankylat.fi\/jaara\/kuvat\/vanhaa-jaaraa\/attachment\/1952\/'><img loading=\"lazy\" decoding=\"async\" width=\"150\" height=\"150\" src=\"https:\/\/www.sastamalankylat.fi\/jaara\/wp-content\/uploads\/sites\/21\/2014\/10\/1952-150x150.jpg\" class=\"attachment-thumbnail size-thumbnail\" alt=\"\" aria-describedby=\"gallery-1-205\" \/><\/a>\n\t\t\t<\/dt>\n\t\t\t\t<dd class='wp-caption-text gallery-caption' id='gallery-1-205'>\n\t\t\t\tJaaran koululaisia 1952\n\t\t\t\t<\/dd><\/dl><dl class='gallery-item'>\n\t\t\t<dt class='gallery-icon landscape'>\n\t\t\t\t<a href='https:\/\/www.sastamalankylat.fi\/jaara\/kuvat\/vanhaa-jaaraa\/jaaran-naisvoimistelijat\/'><img loading=\"lazy\" decoding=\"async\" width=\"150\" height=\"150\" src=\"https:\/\/www.sastamalankylat.fi\/jaara\/wp-content\/uploads\/sites\/21\/2014\/10\/Jaaran-naisvoimistelijat-150x150.jpg\" class=\"attachment-thumbnail size-thumbnail\" alt=\"\" aria-describedby=\"gallery-1-312\" \/><\/a>\n\t\t\t<\/dt>\n\t\t\t\t<dd class='wp-caption-text gallery-caption' id='gallery-1-312'>\n\t\t\t\tJaaran naisvoimistelijat toimivat 1929-32\n\t\t\t\t<\/dd><\/dl><dl class='gallery-item'>\n\t\t\t<dt class='gallery-icon landscape'>\n\t\t\t\t<a href='https:\/\/www.sastamalankylat.fi\/jaara\/kuvat\/vanhaa-jaaraa\/1934-35\/'><img loading=\"lazy\" decoding=\"async\" width=\"150\" height=\"150\" src=\"https:\/\/www.sastamalankylat.fi\/jaara\/wp-content\/uploads\/sites\/21\/2014\/10\/1934-35-150x150.jpg\" class=\"attachment-thumbnail size-thumbnail\" alt=\"\" aria-describedby=\"gallery-1-201\" \/><\/a>\n\t\t\t<\/dt>\n\t\t\t\t<dd class='wp-caption-text gallery-caption' id='gallery-1-201'>\n\t\t\t\t\u00c4itienp\u00e4iv\u00e4juhla 1930-luvulla\n\t\t\t\t<\/dd><\/dl><br style=\"clear: both\" \/><dl class='gallery-item'>\n\t\t\t<dt class='gallery-icon landscape'>\n\t\t\t\t<a href='https:\/\/www.sastamalankylat.fi\/jaara\/kuvat\/vanhaa-jaaraa\/jaarankylan-aidit-1953\/'><img loading=\"lazy\" decoding=\"async\" width=\"150\" height=\"150\" src=\"https:\/\/www.sastamalankylat.fi\/jaara\/wp-content\/uploads\/sites\/21\/2014\/10\/Jaarankyl\u00e4n-\u00e4idit-1953-150x150.jpg\" class=\"attachment-thumbnail size-thumbnail\" alt=\"\" aria-describedby=\"gallery-1-199\" \/><\/a>\n\t\t\t<\/dt>\n\t\t\t\t<dd class='wp-caption-text gallery-caption' id='gallery-1-199'>\n\t\t\t\tJaarankyl\u00e4n \u00e4idit 1953\n\t\t\t\t<\/dd><\/dl><dl class='gallery-item'>\n\t\t\t<dt class='gallery-icon landscape'>\n\t\t\t\t<a href='https:\/\/www.sastamalankylat.fi\/jaara\/kuvat\/vanhaa-jaaraa\/paljasjalkaisia-lottia-2\/'><img loading=\"lazy\" decoding=\"async\" width=\"150\" height=\"150\" src=\"https:\/\/www.sastamalankylat.fi\/jaara\/wp-content\/uploads\/sites\/21\/2014\/10\/Paljasjalkaisia-lottia-1-150x150.jpg\" class=\"attachment-thumbnail size-thumbnail\" alt=\"\" aria-describedby=\"gallery-1-480\" \/><\/a>\n\t\t\t<\/dt>\n\t\t\t\t<dd class='wp-caption-text gallery-caption' id='gallery-1-480'>\n\t\t\t\tPaljasjalkaisia lottia\n\t\t\t\t<\/dd><\/dl><dl class='gallery-item'>\n\t\t\t<dt class='gallery-icon landscape'>\n\t\t\t\t<a href='https:\/\/www.sastamalankylat.fi\/jaara\/kuvat\/vanhaa-jaaraa\/kiikoisten-lottia-1\/'><img loading=\"lazy\" decoding=\"async\" width=\"150\" height=\"150\" src=\"https:\/\/www.sastamalankylat.fi\/jaara\/wp-content\/uploads\/sites\/21\/2014\/10\/Kiikoisten-lottia-1-150x150.jpg\" class=\"attachment-thumbnail size-thumbnail\" alt=\"\" aria-describedby=\"gallery-1-479\" \/><\/a>\n\t\t\t<\/dt>\n\t\t\t\t<dd class='wp-caption-text gallery-caption' id='gallery-1-479'>\n\t\t\t\tKiikoisten lottia\n\t\t\t\t<\/dd><\/dl><dl class='gallery-item'>\n\t\t\t<dt class='gallery-icon portrait'>\n\t\t\t\t<a href='https:\/\/www.sastamalankylat.fi\/jaara\/kuvat\/vanhaa-jaaraa\/tienviitta\/'><img loading=\"lazy\" decoding=\"async\" width=\"150\" height=\"150\" src=\"https:\/\/www.sastamalankylat.fi\/jaara\/wp-content\/uploads\/sites\/21\/2014\/10\/Tienviitta-150x150.jpg\" class=\"attachment-thumbnail size-thumbnail\" alt=\"\" aria-describedby=\"gallery-1-476\" \/><\/a>\n\t\t\t<\/dt>\n\t\t\t\t<dd class='wp-caption-text gallery-caption' id='gallery-1-476'>\n\t\t\t\tKaiken keskell\u00e4\n\t\t\t\t<\/dd><\/dl><br style=\"clear: both\" \/><dl class='gallery-item'>\n\t\t\t<dt class='gallery-icon landscape'>\n\t\t\t\t<a href='https:\/\/www.sastamalankylat.fi\/jaara\/kuvat\/vanhaa-jaaraa\/peltopohja\/'><img loading=\"lazy\" decoding=\"async\" width=\"150\" height=\"150\" src=\"https:\/\/www.sastamalankylat.fi\/jaara\/wp-content\/uploads\/sites\/21\/2014\/10\/Peltopohja-150x150.jpg\" class=\"attachment-thumbnail size-thumbnail\" alt=\"\" aria-describedby=\"gallery-1-208\" \/><\/a>\n\t\t\t<\/dt>\n\t\t\t\t<dd class='wp-caption-text gallery-caption' id='gallery-1-208'>\n\t\t\t\tPeltopohja\n\t\t\t\t<\/dd><\/dl><dl class='gallery-item'>\n\t\t\t<dt class='gallery-icon landscape'>\n\t\t\t\t<a href='https:\/\/www.sastamalankylat.fi\/jaara\/kuvat\/vanhaa-jaaraa\/hilkan-kuvia_peltopohjasta-2\/'><img loading=\"lazy\" decoding=\"async\" width=\"150\" height=\"150\" src=\"https:\/\/www.sastamalankylat.fi\/jaara\/wp-content\/uploads\/sites\/21\/2014\/10\/hilkan-kuvia_peltopohjasta-150x150.jpg\" class=\"attachment-thumbnail size-thumbnail\" alt=\"\" aria-describedby=\"gallery-1-654\" \/><\/a>\n\t\t\t<\/dt>\n\t\t\t\t<dd class='wp-caption-text gallery-caption' id='gallery-1-654'>\n\t\t\t\tPeltopohjalaisia\n\t\t\t\t<\/dd><\/dl><dl class='gallery-item'>\n\t\t\t<dt class='gallery-icon portrait'>\n\t\t\t\t<a href='https:\/\/www.sastamalankylat.fi\/jaara\/kuvat\/vanhaa-jaaraa\/hilkan-kuvia_peltopohjan-plikat\/'><img loading=\"lazy\" decoding=\"async\" width=\"150\" height=\"150\" src=\"https:\/\/www.sastamalankylat.fi\/jaara\/wp-content\/uploads\/sites\/21\/2014\/10\/Hilkan-kuvia_Peltopohjan-plikat-150x150.jpg\" class=\"attachment-thumbnail size-thumbnail\" alt=\"\" aria-describedby=\"gallery-1-634\" \/><\/a>\n\t\t\t<\/dt>\n\t\t\t\t<dd class='wp-caption-text gallery-caption' id='gallery-1-634'>\n\t\t\t\tPeltopohjan plikat\n\t\t\t\t<\/dd><\/dl><dl class='gallery-item'>\n\t\t\t<dt class='gallery-icon landscape'>\n\t\t\t\t<a href='https:\/\/www.sastamalankylat.fi\/jaara\/kuvat\/vanhaa-jaaraa\/pirkko-mannola-jaarassa\/'><img loading=\"lazy\" decoding=\"async\" width=\"150\" height=\"150\" src=\"https:\/\/www.sastamalankylat.fi\/jaara\/wp-content\/uploads\/sites\/21\/2014\/10\/Pirkko-Mannola-Jaarassa-150x150.jpg\" class=\"attachment-thumbnail size-thumbnail\" alt=\"\" aria-describedby=\"gallery-1-209\" \/><\/a>\n\t\t\t<\/dt>\n\t\t\t\t<dd class='wp-caption-text gallery-caption' id='gallery-1-209'>\n\t\t\t\tPirkko Mannola Jaarassa muotikiertueella\n\t\t\t\t<\/dd><\/dl><br style=\"clear: both\" \/><dl class='gallery-item'>\n\t\t\t<dt class='gallery-icon landscape'>\n\t\t\t\t<a href='https:\/\/www.sastamalankylat.fi\/jaara\/kuvat\/vanhaa-jaaraa\/nayttelyvaunu\/'><img loading=\"lazy\" decoding=\"async\" width=\"150\" height=\"150\" src=\"https:\/\/www.sastamalankylat.fi\/jaara\/wp-content\/uploads\/sites\/21\/2014\/10\/n\u00e4yttelyvaunu-150x150.jpg\" class=\"attachment-thumbnail size-thumbnail\" alt=\"\" aria-describedby=\"gallery-1-207\" \/><\/a>\n\t\t\t<\/dt>\n\t\t\t\t<dd class='wp-caption-text gallery-caption' id='gallery-1-207'>\n\t\t\t\tPeltopohjassa esiteltiin uutta muotia 1950-luvulla\n\t\t\t\t<\/dd><\/dl>\n\t\t\t<br style='clear: both' \/>\n\t\t<\/div>\n\n<p>&nbsp;<\/p>\n<p>&nbsp;<\/p>\n<!-- AddThis Advanced Settings generic via filter on the_content --><!-- AddThis Share Buttons generic via filter on the_content -->","protected":false},"excerpt":{"rendered":"<p>Voit tutustua vanhoihin kuviin \u00a0my\u00f6s &#8221;El\u00e4m\u00e4\u00e4 Jaaran raitilla&#8221; -hankkeen kotisivuilta t\u00e4st\u00e4 linkist\u00e4. &nbsp; &nbsp;<!-- AddThis Advanced Settings generic via filter on wp_trim_excerpt --><!-- AddThis Share Buttons generic via filter on wp_trim_excerpt --><\/p>\n","protected":false},"author":26,"featured_media":0,"parent":109,"menu_order":1,"comment_status":"closed","ping_status":"closed","template":"page-templates\/full-width.php","meta":{"jetpack_post_was_ever_published":false,"footnotes":""},"class_list":["post-113","page","type-page","status-publish","hentry"],"aioseo_notices":[],"jetpack_shortlink":"https:\/\/wp.me\/P5eJDy-1P","jetpack_sharing_enabled":true,"_links":{"self":[{"href":"https:\/\/www.sastamalankylat.fi\/jaara\/wp-json\/wp\/v2\/pages\/113","targetHints":{"allow":["GET"]}}],"collection":[{"href":"https:\/\/www.sastamalankylat.fi\/jaara\/wp-json\/wp\/v2\/pages"}],"about":[{"href":"https:\/\/www.sastamalankylat.fi\/jaara\/wp-json\/wp\/v2\/types\/page"}],"author":[{"embeddable":true,"href":"https:\/\/www.sastamalankylat.fi\/jaara\/wp-json\/wp\/v2\/users\/26"}],"replies":[{"embeddable":true,"href":"https:\/\/www.sastamalankylat.fi\/jaara\/wp-json\/wp\/v2\/comments?post=113"}],"version-history":[{"count":8,"href":"https:\/\/www.sastamalankylat.fi\/jaara\/wp-json\/wp\/v2\/pages\/113\/revisions"}],"predecessor-version":[{"id":655,"href":"https:\/\/www.sastamalankylat.fi\/jaara\/wp-json\/wp\/v2\/pages\/113\/revisions\/655"}],"up":[{"embeddable":true,"href":"https:\/\/www.sastamalankylat.fi\/jaara\/wp-json\/wp\/v2\/pages\/109"}],"wp:attachment":[{"href":"https:\/\/www.sastamalankylat.fi\/jaara\/wp-json\/wp\/v2\/media?parent=113"}],"curies":[{"name":"wp","href":"https:\/\/api.w.org\/{rel}","templated":true}]}}